{"id":20,"date":"2025-01-15T14:27:36","date_gmt":"2025-01-15T13:27:36","guid":{"rendered":"https:\/\/pneumokongresy.sk\/spfs-kongres\/?page_id=20"},"modified":"2025-05-22T15:16:16","modified_gmt":"2025-05-22T13:16:16","slug":"slavnostny-vecer","status":"publish","type":"page","link":"https:\/\/pneumokongresy.sk\/spfs-kongres\/slavnostny-vecer\/","title":{"rendered":"Sl\u00e1vnostn\u00fd ve\u010der"},"content":{"rendered":"\t\t<div data-elementor-type=\"wp-page\" data-elementor-id=\"20\" class=\"elementor elementor-20\" data-elementor-post-type=\"page\">\n\t\t\t\t<div class=\"elementor-element elementor-element-4fc8948 e-flex e-con-boxed e-con e-parent\" data-id=\"4fc8948\" data-element_type=\"container\" data-settings=\"{&quot;background_background&quot;:&quot;classic&quot;}\">\n\t\t\t\t\t<div class=\"e-con-inner\">\n\t\t\t\t\t<\/div>\n\t\t\t\t<\/div>\n\t\t<div class=\"elementor-element elementor-element-5190628 e-flex e-con-boxed e-con e-parent\" data-id=\"5190628\" data-element_type=\"container\">\n\t\t\t\t\t<div class=\"e-con-inner\">\n\t\t\t\t<div class=\"elementor-element elementor-element-fa35047 elementor-widget elementor-widget-heading\" data-id=\"fa35047\" data-element_type=\"widget\" data-widget_type=\"heading.default\">\n\t\t\t\t<div class=\"elementor-widget-container\">\n\t\t\t\t\t<h2 class=\"elementor-heading-title elementor-size-default\">Sl\u00e1vnostn\u00fd ve\u010der N\u00daTPCHaHCH Vy\u0161n\u00e9 H\u00e1gy <\/h2>\t\t\t\t<\/div>\n\t\t\t\t<\/div>\n\t\t\t\t<div class=\"elementor-element elementor-element-73ccc17 elementor-widget elementor-widget-text-editor\" data-id=\"73ccc17\" data-element_type=\"widget\" data-widget_type=\"text-editor.default\">\n\t\t\t\t<div class=\"elementor-widget-container\">\n\t\t\t\t\t\t\t\t\t<p style=\"font-weight: 400; text-align: center;\">pri pr\u00edle\u017eitosti 84. v\u00fdro\u010dia zalo\u017eenia \u00fastavu<\/p><p style=\"font-weight: 400; text-align: center;\"><strong>12.6.2025<\/strong><br \/><strong>N\u00daTPCHaHCH Vy\u0161n\u00e9 H\u00e1gy<\/strong><\/p><p>\u00a0<\/p><h4 style=\"font-weight: 400;\"><strong>Program Sl\u00e1vnostn\u00e9ho ve\u010dera<\/strong><\/h4><h6 style=\"font-weight: 400;\"><strong>19:30 \u00a0\u00a0 <\/strong><\/h6><p style=\"font-weight: 400;\"><strong>Pr\u00edhovor \u00a0Ing. Slavko Rod\u00e1k<br \/><\/strong>riadite\u013e N\u00daTPCHaHCH Vy\u0161n\u00e9 H\u00e1gy<\/p><h6 style=\"font-weight: 400;\"><strong>19:45<\/strong><\/h6><p style=\"font-weight: 400;\"><strong>Vyst\u00fapenie tane\u010dnej umeleckej skupiny \u010carovn\u00e9 ostrohy<\/strong><\/p><h6 style=\"font-weight: 400;\"><strong>20:30<\/strong><\/h6><p style=\"font-weight: 400;\"><strong>Ukon\u010denie Sl\u00e1vnostn\u00e9ho ve\u010dera<\/strong><\/p><p>\u00a0<\/p><p style=\"font-weight: 400;\">Organiz\u00e1torom sl\u00e1vnostn\u00e9ho ve\u010dera je N\u00daTPCHaHCH Vy\u0161n\u00e9 H\u00e1gy.<\/p><p style=\"font-weight: 400;\">Spolo\u010densk\u00fd ve\u010der nie hraden\u00fd z\u00a0registra\u010dn\u00fdch poplatkov \u00fa\u010dastn\u00edkov kongresu ani z\u00a0partnersk\u00fdch pr\u00edspevkov vystavovate\u013eov.<\/p><p style=\"text-align: center;\">\u00a0<\/p>\t\t\t\t\t\t\t\t<\/div>\n\t\t\t\t<\/div>\n\t\t\t\t\t<\/div>\n\t\t\t\t<\/div>\n\t\t\t\t<\/div>\n\t\t","protected":false},"excerpt":{"rendered":"<p>Sl\u00e1vnostn\u00fd ve\u010der N\u00daTPCHaHCH Vy\u0161n\u00e9 H\u00e1gy pri pr\u00edle\u017eitosti 84. v\u00fdro\u010dia zalo\u017eenia \u00fastavu 12.6.2025N\u00daTPCHaHCH Vy\u0161n\u00e9 H\u00e1gy \u00a0 Program Sl\u00e1vnostn\u00e9ho ve\u010dera 19:30 \u00a0\u00a0 Pr\u00edhovor \u00a0Ing. Slavko Rod\u00e1kriadite\u013e N\u00daTPCHaHCH Vy\u0161n\u00e9 H\u00e1gy 19:45 Vyst\u00fapenie tane\u010dnej umeleckej skupiny \u010carovn\u00e9 ostrohy 20:30 Ukon\u010denie Sl\u00e1vnostn\u00e9ho ve\u010dera \u00a0 Organiz\u00e1torom sl\u00e1vnostn\u00e9ho ve\u010dera je N\u00daTPCHaHCH Vy\u0161n\u00e9 H\u00e1gy. Spolo\u010densk\u00fd ve\u010der nie hraden\u00fd z\u00a0registra\u010dn\u00fdch poplatkov \u00fa\u010dastn\u00edkov kongresu ani [&hellip;]<\/p>\n","protected":false},"author":1,"featured_media":0,"parent":0,"menu_order":0,"comment_status":"closed","ping_status":"closed","template":"","meta":{"_view_id":"","footnotes":""},"class_list":["post-20","page","type-page","status-publish","hentry"],"_links":{"self":[{"href":"https:\/\/pneumokongresy.sk\/spfs-kongres\/wp-json\/wp\/v2\/pages\/20","targetHints":{"allow":["GET"]}}],"collection":[{"href":"https:\/\/pneumokongresy.sk\/spfs-kongres\/wp-json\/wp\/v2\/pages"}],"about":[{"href":"https:\/\/pneumokongresy.sk\/spfs-kongres\/wp-json\/wp\/v2\/types\/page"}],"author":[{"embeddable":true,"href":"https:\/\/pneumokongresy.sk\/spfs-kongres\/wp-json\/wp\/v2\/users\/1"}],"replies":[{"embeddable":true,"href":"https:\/\/pneumokongresy.sk\/spfs-kongres\/wp-json\/wp\/v2\/comments?post=20"}],"version-history":[{"count":14,"href":"https:\/\/pneumokongresy.sk\/spfs-kongres\/wp-json\/wp\/v2\/pages\/20\/revisions"}],"predecessor-version":[{"id":401,"href":"https:\/\/pneumokongresy.sk\/spfs-kongres\/wp-json\/wp\/v2\/pages\/20\/revisions\/401"}],"wp:attachment":[{"href":"https:\/\/pneumokongresy.sk\/spfs-kongres\/wp-json\/wp\/v2\/media?parent=20"}],"curies":[{"name":"wp","href":"https:\/\/api.w.org\/{rel}","templated":true}]}}